{"id":244,"date":"2022-11-03T12:37:41","date_gmt":"2022-11-03T10:37:41","guid":{"rendered":"https:\/\/proreilumpiyhteiskunta.fi\/?page_id=244"},"modified":"2023-01-12T13:27:41","modified_gmt":"2023-01-12T11:27:41","slug":"dataskyddsbeskrivning","status":"publish","type":"page","link":"https:\/\/proreilumpiyhteiskunta.fi\/sv\/dataskyddsbeskrivning\/","title":{"rendered":"Dataskyddsbeskrivning"},"content":{"rendered":"\n<section id=\"acf-block-69f47ece606bd\" class=\"block block-content-wrapper container-fluid \">\n    <div class=\"container\">\n        <div class=\"row\">\n            <div class=\"col-12 col-lg-8 offset-lg-2 col-hd-6 offset-hd-3\">\n                <main class=\"entry-content\">\n                    <div class=\"acf-innerblocks-container\">\n\n<h1 class=\"wp-block-heading\">Dataskyddsbeskrivning f\u00f6r Pro r\u00e4ttvisare samh\u00e4lle rf:s intressentgruppsregister<\/h1>\n\n\n\n<p>Pro r\u00e4ttvisare samh\u00e4lle rf samlar p\u00e5 basis av separat samtycke in personuppgifter till f\u00f6reningens intressentgruppsregister. Pro r\u00e4ttvisare samh\u00e4lle rf samlar in och behandlar personuppgifter endast till n\u00f6dv\u00e4ndiga del f\u00f6r de \u00e4ndam\u00e5l som beskrivs i denna dataskyddsbeskrivning. Behandlingen baserar sig p\u00e5 samtycke fr\u00e5n en person eller ett samfund.<\/p>\n\n\n\n<h2 class=\"wp-block-heading\">1 Personuppgiftsansvarig<\/h2>\n\n\n\n<p>Pro r\u00e4ttvisare samh\u00e4lle rf<br>FO-nummer 3282506-6<br>PRYasiamies@gmail.com<\/p>\n\n\n\n<h2 class=\"wp-block-heading\">2 Kontaktuppgifter i \u00e4renden som g\u00e4ller registret<\/h2>\n\n\n\n<p>Pro r\u00e4ttvisare samh\u00e4lle rf:s ombudsman Jyrki Konola<br>PRYasiamies@gmail.com<\/p>\n\n\n\n<h2 class=\"wp-block-heading\">3 Registrets namn<\/h2>\n\n\n\n<p>Pro r\u00e4ttvisare samh\u00e4lle rf:s intressentgruppsregister<\/p>\n\n\n\n<h2 class=\"wp-block-heading\">4 \u00c4ndam\u00e5len med och grunden f\u00f6r behandlingen av personuppgifter<\/h2>\n\n\n\n<p>I intressentgruppsregistret samlar Pro r\u00e4ttvisare samh\u00e4lle rf i enlighet med punkt 5 p\u00e5 basis av separat samtycke personuppgifter om privatpersoner och sammanslutningar vars m\u00e5l \u00e4r att samh\u00e4lleligt eller politiskt verka p\u00e5 ett s\u00e4tt som st\u00f6der f\u00f6reningens syfte.<\/p>\n\n\n\n<p>Personuppgifter samlas in i registret f\u00f6r att f\u00f6reningen i enlighet med sina stadgar ska kunna<\/p>\n\n\n\n<ul class=\"wp-block-list\">\n<li>dela och p\u00e5 olika s\u00e4tt ge sina medlemmar och utomst\u00e5ende information om f\u00f6rdelarna med en fungerande och r\u00e4ttvis marknadsekonomi och ett stabilt och organiserat avtalssamh\u00e4lle<\/li>\n\n\n\n<li>samarbeta med andra f\u00f6reningar som delar samma m\u00e5l<\/li>\n\n\n\n<li>ge bidrag och donationer till privatpersoner och samfund vars m\u00e5l \u00e4r att samh\u00e4lleligt eller politiskt verka p\u00e5 ett s\u00e4tt som st\u00f6der f\u00f6reningens syfte.<\/li>\n<\/ul>\n\n\n\n<p>F\u00f6r ovann\u00e4mnda syften behandlar Pro r\u00e4ttvisare samh\u00e4lle rf ocks\u00e5 uppgifter om politiska \u00e5sikter och medlemskap i fackf\u00f6rbund, vilka enligt artikel 9 i Europeiska unionens allm\u00e4nna dataskyddsf\u00f6rordning (2016\/679) utg\u00f6r s\u00e4rskilda personuppgifter. Uppgifterna behandlas om en privatperson eller en f\u00f6retr\u00e4dare f\u00f6r ett samfund ans\u00f6ker om bidrag eller donation av f\u00f6reningen. Uppgifterna g\u00e4ller kandidatur vid val som f\u00f6rr\u00e4ttas i Finland och omfattar b\u00e5de enskilda personer och personer i deras egenskap av representanter av eller medlemmar i en sammanslutning eller deras st\u00e4llning i ett parti eller fackf\u00f6rbund.<\/p>\n\n\n\n<p>Dessutom inneh\u00e5ller uppgifterna uppgifter som erh\u00e5llits av personen sj\u00e4lv och fr\u00e5n offentliga k\u00e4llor om personens inst\u00e4llning till s\u00e5dana samh\u00e4llsfr\u00e5gor som Pro r\u00e4ttvisare samh\u00e4lle rf har definierat som sina m\u00e5l i sina stadgar.<\/p>\n\n\n\n<p>Till sin natur \u00e4r behandlingen av uppgifter inte omfattande. S\u00e5dana uppgifter som inte har erh\u00e5llits av den registrerade sj\u00e4lv har huvudsakligen inh\u00e4mtats fr\u00e5n offentliga k\u00e4llor hos myndigheter och medier.<\/p>\n\n\n\n<h2 class=\"wp-block-heading\">5 Registrets datainneh\u00e5ll<\/h2>\n\n\n\n<p>I Pro r\u00e4ttvisare samh\u00e4lle rf:s intressentgruppsregister finns uppgifter som anv\u00e4ndaren sj\u00e4lv har anm\u00e4lt till Pro r\u00e4ttvisare samh\u00e4lle rf eller som f\u00f6reningen har inh\u00e4mtat fr\u00e5n offentliga k\u00e4llor. Uppgifterna har inf\u00f6rts i registret p\u00e5 basis av anv\u00e4ndarens separata samtycke och kan raderas d\u00e4rifr\u00e5n n\u00e4r som helst.<\/p>\n\n\n\n<p>I registret \u00f6ver intressentgrupper kan bland annat f\u00f6ljande uppgifter behandlas:<\/p>\n\n\n\n<ul class=\"wp-block-list\">\n<li>f\u00f6r- och efternamn eller sammanslutningens namn<\/li>\n\n\n\n<li>partipolitisk st\u00e5ndpunkt eller kandidatens valmansf\u00f6rening<\/li>\n\n\n\n<li>kandidatur i val som f\u00f6rr\u00e4ttas i Finland<\/li>\n\n\n\n<li>medlemskap i fackf\u00f6rbund<\/li>\n\n\n\n<li>st\u00e4llning eller yrkesbeteckning<\/li>\n\n\n\n<li>e-postadress<\/li>\n\n\n\n<li>telefonnummer<\/li>\n\n\n\n<li>boendekommun<\/li>\n\n\n\n<li>f\u00f6delse\u00e5r<\/li>\n\n\n\n<li>personens valchefs eller kontaktpersons f\u00f6r- och efternamn, e-postadress och telefonnummer<\/li>\n\n\n\n<li>finansiering som personen eller samfundet f\u00e5tt av Pro r\u00e4ttvisare samh\u00e4lle rf<\/li>\n\n\n\n<li>personens eller sammanslutningens deltagande i Pro r\u00e4ttvisare samh\u00e4lle rf:s verksamhet<\/li>\n\n\n\n<li>uppgifter som samlas in om anv\u00e4ndningen av Pro r\u00e4ttvisare samh\u00e4lle rf:s webbtj\u00e4nster.<\/li>\n<\/ul>\n\n\n\n<h2 class=\"wp-block-heading\">6 Normala k\u00e4llor<\/h2>\n\n\n\n<p>Personuppgifterna f\u00e5s av deltagarna sj\u00e4lva p\u00e5 basis av separat samtycke och fr\u00e5n offentliga k\u00e4llor.<\/p>\n\n\n\n<p>Registrets personuppgifter kan ocks\u00e5 kompletteras med uppgifter som samlas in om anv\u00e4ndningen av Pro r\u00e4ttvisare samh\u00e4lle rf:s webbtj\u00e4nster, s\u00e5som<\/p>\n\n\n\n<ul class=\"wp-block-list\">\n<li>uppgifter om enhet eller applikation som anv\u00e4nds, s\u00e5som webbl\u00e4sarversion, typ av enhet och sk\u00e4rmstorlek<\/li>\n\n\n\n<li>uppgifter om anv\u00e4ndningen av webbtj\u00e4nster, s\u00e5som sidladdningar, tid som anv\u00e4nts f\u00f6r webbtj\u00e4nster, bes\u00f6k i olika webbtj\u00e4nster samt inneh\u00e5ll som visats i dem<\/li>\n\n\n\n<li>uppgifter om webbsidor som \u00f6ppnats via riktad kommunikation fr\u00e5n Pro r\u00e4ttvisare samh\u00e4lle rf, till exempel ett nyhetsbrev<\/li>\n\n\n\n<li>uppgifter som samlas in av sociala plugins eller andra tredje parter.<\/li>\n<\/ul>\n\n\n\n<p>En anv\u00e4ndare av webbtj\u00e4nster kan identifieras utifr\u00e5n en digital kod i tj\u00e4nsterna n\u00e4r hen kommer till eller loggar in i en webbtj\u00e4nst via kommunikation fr\u00e5n Pro r\u00e4ttvisare samh\u00e4lle rf, till exempel ett nyhetsbrev.<\/p>\n\n\n\n<p>Uppgifter om anv\u00e4ndningen av webbtj\u00e4nster samlas in med hj\u00e4lp av kakor.<\/p>\n\n\n\n<h2 class=\"wp-block-heading\">7 Normalt utl\u00e4mnande av uppgifter<\/h2>\n\n\n\n<p>Bidrag och donationer till samh\u00e4lleliga och politiska akt\u00f6rer omfattas av ett s\u00e4rskilt krav p\u00e5 samh\u00e4llelig transparens och d\u00e4rf\u00f6r m\u00e5ste Pro r\u00e4ttvisare samh\u00e4lle rf ha m\u00f6jlighet att l\u00e4mna ut en noggrant begr\u00e4nsad m\u00e4ngd personuppgifter fr\u00e5n intressentregistret till medierepresentanter eller p\u00e5 annat s\u00e4tt till offentligheten. F\u00f6r s\u00e5dana donationer beg\u00e4r Pro r\u00e4ttvisare samh\u00e4lle rf om uttryckligt samtycke av dem som ans\u00f6ker om underst\u00f6d eller donation.<\/p>\n\n\n\n<p>Pro r\u00e4ttvisare samh\u00e4lle rf kan d\u00e4rf\u00f6r l\u00e4mna ut uppgifter om personer och sammanslutningar som f\u00e5tt underst\u00f6d och donationer. Uppgifter som l\u00e4mnas ut \u00e4r f\u00f6r- och efternamn, uppgift om kandidatur i val som f\u00f6rr\u00e4ttas i Finland, partimedlemskap samt uppgift om underst\u00f6d eller donationer som beviljats av Pro r\u00e4ttvisare samh\u00e4lle rf. Uppgifterna kan ocks\u00e5 publiceras i Pro r\u00e4ttvisare samh\u00e4lle rf:s webbtj\u00e4nst.<\/p>\n\n\n\n<p>I regel utl\u00e4mnas inte andra personuppgifter i Pro r\u00e4ttvisare samh\u00e4lle rf:s intressentregister till utomst\u00e5ende. Pro r\u00e4ttvisare samh\u00e4lle rf kan emellertid l\u00e4mna ut personuppgifter till tredje parter till exempel f\u00f6r riktad kommunikation, eller f\u00f6r en enk\u00e4t eller en unders\u00f6kning som g\u00f6rs p\u00e5 uppdrag av FFC och f\u00f6r att anv\u00e4ndas av FFC Tredje parters tj\u00e4nsteleverant\u00f6rer av det h\u00e4r slaget handlar alltid p\u00e5 Pro r\u00e4ttvisare samh\u00e4lle rf:s v\u00e4gnar och under dess \u00f6vervakning. Pro r\u00e4ttvisare samh\u00e4lle rf s\u00e4ljer eller l\u00e4mnar aldrig ut personuppgifter till tredje parter s\u00e5 att de kan anv\u00e4nda personuppgifterna sj\u00e4lvst\u00e4ndigt.<\/p>\n\n\n\n<h2 class=\"wp-block-heading\">8 \u00d6verf\u00f6ring av uppgifter till stater utanf\u00f6r EU eller EES<\/h2>\n\n\n\n<p>Pro r\u00e4ttvisare samh\u00e4lle rf \u00f6verf\u00f6r inte personuppgifter utanf\u00f6r EU- eller EES-omr\u00e5det till l\u00e4nder f\u00f6r vilka EU-kommissionen inte har fattat n\u00e5got beslut om likv\u00e4rdighet enligt artikel 45 i Europeiska unionens allm\u00e4nna dataskyddsf\u00f6rordning (2016\/679).<\/p>\n\n\n\n<h2 class=\"wp-block-heading\">9 F\u00f6rvaringstid f\u00f6r personuppgifter<\/h2>\n\n\n\n<p>Uppgifter om beviljade underst\u00f6d och donationer arkiveras och f\u00f6rvaras under en p\u00e5 f\u00f6rhand obest\u00e4md tid. Det \u00e4r fr\u00e5ga om samh\u00e4lleligt betydelsefull information som \u00e4r viktig att bevara bland annat f\u00f6r forsknings\u00e4ndam\u00e5l i allm\u00e4nt intresse.<\/p>\n\n\n\n<p>Pro r\u00e4ttvisare samh\u00e4lle rf f\u00f6rvarar andra personuppgifter s\u00e5 l\u00e4nge som de beh\u00f6vs f\u00f6r de \u00e4ndam\u00e5l som fastst\u00e4llts i punkt 4<\/p>\n\n\n\n<p>Uppgifterna f\u00f6rst\u00f6rs p\u00e5 ett s\u00e4kert s\u00e4tt n\u00e4r Pro r\u00e4ttvisare samh\u00e4lle rf inte l\u00e4ngre beh\u00f6ver dem.<\/p>\n\n\n\n<h2 class=\"wp-block-heading\">10 Principer f\u00f6r skydd av registret<\/h2>\n\n\n\n<p>Vid Pro r\u00e4ttvisare samh\u00e4lle rf iakttas datas\u00e4kerhet och skydd av personuppgifter systematiskt vid all anv\u00e4ndning och behandling av uppgifter. Pro r\u00e4ttvisare samh\u00e4lle rf behandlar alla personuppgifter p\u00e5 ett s\u00e4tt som beaktar informationss\u00e4kerheten och f\u00f6ljer lagen.<\/p>\n\n\n\n<p>Uppgifterna i registret anv\u00e4nds endast av de tj\u00e4nstem\u00e4n vid Pro r\u00e4ttvisare samh\u00e4lle rf som beh\u00f6ver uppgifterna i sina arbetsuppgifter i enlighet med sina beh\u00f6righeter. Anv\u00e4ndarna har tystnadsplikt.<\/p>\n\n\n\n<p>Pro r\u00e4ttvisare samh\u00e4lle rf ser genom avtal till att s\u00e4kerst\u00e4lla att partnerna och serviceproducenterna behandlar uppgifterna i enlighet med g\u00e4llande lagstiftning<\/p>\n\n\n\n<h2 class=\"wp-block-heading\">11 R\u00e4tt till tillg\u00e5ng<\/h2>\n\n\n\n<p>Enligt artikel 15 i EU 2016\/679 ska den registrerade ha r\u00e4tt till tillg\u00e5ng till egna personuppgifter, det vill s\u00e4ga r\u00e4tt att kontrollera uppgifter som r\u00f6r den registrerade sj\u00e4lv.<\/p>\n\n\n\n<p>Beg\u00e4ran kan l\u00e4mnas per e-post till Pro r\u00e4ttvisare samh\u00e4lle rf:s ombud (pry-ombudsman@gmail.com).<\/p>\n\n\n\n<h2 class=\"wp-block-heading\">12 R\u00e4tt att beg\u00e4ra r\u00e4ttelse och radering<\/h2>\n\n\n\n<p>En deltagare har r\u00e4tt att f\u00e5 tillg\u00e5ng till sina uppgifter och vid behov f\u00e5 uppgifterna korrigerade eller raderade. Deltagaren har ocks\u00e5 r\u00e4tt att begr\u00e4nsa behandlingen av uppgifterna. Beg\u00e4ran kan l\u00e4mnas genom att kontakta Pro r\u00e4ttvisare samh\u00e4lle rf:s ombud (pry-ombud@gmail.com).<\/p>\n\n\n\n<h2 class=\"wp-block-heading\">13 R\u00e4tt att l\u00e4mna in klagom\u00e5l till en tillsynsmyndighet<\/h2>\n\n\n\n<p>Enligt artikel 77 i EU 2016\/679 har en registrerad som anser att behandlingen av personuppgifter som r\u00f6r den registrerade strider mot EU:s dataskyddsf\u00f6rordning r\u00e4tt att l\u00e4mna in ett klagom\u00e5l till en tillsynsmyndighet.<\/p>\n\n\n\n<h2 class=\"wp-block-heading\">14 \u00c4ndringar<\/h2>\n\n\n\n<p>Pro r\u00e4ttvisare samh\u00e4lle rf kan tidvis g\u00f6ra \u00e4ndringar i denna dataskyddsbeskrivning. Om betydande \u00e4ndringar g\u00f6rs i dataskyddsbeskrivningen meddelar vi tydligt om dem i de fall d\u00e4r till\u00e4mplig lag f\u00f6ruts\u00e4tter det. L\u00e4s dataskyddsbeskrivningen d\u00e5 och d\u00e5 f\u00f6r att f\u00e5 aktuell information om eventuella \u00e4ndringar.<\/p>\n\n\n\n<p><em>Detta dataskyddsmeddelande uppdaterades senast 15.12.2022.<\/em><\/p>\n\n<\/div>\n                <\/main>\n            <\/div>\n        <\/div>\n    <\/div>\n<\/section>","protected":false},"excerpt":{"rendered":"","protected":false},"author":2,"featured_media":0,"parent":0,"menu_order":0,"comment_status":"closed","ping_status":"closed","template":"","meta":{"footnotes":""},"class_list":["post-244","page","type-page","status-publish","hentry"],"acf":[],"yoast_head":"<!-- This site is optimized with the Yoast SEO plugin v23.3 - https:\/\/yoast.com\/wordpress\/plugins\/seo\/ -->\n<title>Dataskyddsbeskrivning - Pro R\u00e4ttvisare Samh\u00e4lle<\/title>\n<meta name=\"robots\" content=\"index, follow, max-snippet:-1, max-image-preview:large, max-video-preview:-1\" \/>\n<link rel=\"canonical\" href=\"https:\/\/proreilumpiyhteiskunta.fi\/sv\/dataskyddsbeskrivning\/\" \/>\n<meta property=\"og:locale\" content=\"sv_SE\" \/>\n<meta property=\"og:type\" content=\"article\" \/>\n<meta property=\"og:title\" content=\"Dataskyddsbeskrivning - Pro R\u00e4ttvisare Samh\u00e4lle\" \/>\n<meta property=\"og:url\" content=\"https:\/\/proreilumpiyhteiskunta.fi\/sv\/dataskyddsbeskrivning\/\" \/>\n<meta property=\"og:site_name\" content=\"Pro R\u00e4ttvisare Samh\u00e4lle\" \/>\n<meta property=\"article:modified_time\" content=\"2023-01-12T11:27:41+00:00\" \/>\n<meta name=\"twitter:card\" content=\"summary_large_image\" \/>\n<script type=\"application\/ld+json\" class=\"yoast-schema-graph\">{\"@context\":\"https:\/\/schema.org\",\"@graph\":[{\"@type\":\"WebPage\",\"@id\":\"https:\/\/proreilumpiyhteiskunta.fi\/sv\/dataskyddsbeskrivning\/\",\"url\":\"https:\/\/proreilumpiyhteiskunta.fi\/sv\/dataskyddsbeskrivning\/\",\"name\":\"Dataskyddsbeskrivning - Pro R\u00e4ttvisare Samh\u00e4lle\",\"isPartOf\":{\"@id\":\"https:\/\/proreilumpiyhteiskunta.fi\/#website\"},\"datePublished\":\"2022-11-03T10:37:41+00:00\",\"dateModified\":\"2023-01-12T11:27:41+00:00\",\"breadcrumb\":{\"@id\":\"https:\/\/proreilumpiyhteiskunta.fi\/sv\/dataskyddsbeskrivning\/#breadcrumb\"},\"inLanguage\":\"sv-SE\",\"potentialAction\":[{\"@type\":\"ReadAction\",\"target\":[\"https:\/\/proreilumpiyhteiskunta.fi\/sv\/dataskyddsbeskrivning\/\"]}]},{\"@type\":\"BreadcrumbList\",\"@id\":\"https:\/\/proreilumpiyhteiskunta.fi\/sv\/dataskyddsbeskrivning\/#breadcrumb\",\"itemListElement\":[{\"@type\":\"ListItem\",\"position\":1,\"name\":\"Home\",\"item\":\"https:\/\/proreilumpiyhteiskunta.fi\/sv\/\"},{\"@type\":\"ListItem\",\"position\":2,\"name\":\"Dataskyddsbeskrivning\"}]},{\"@type\":\"WebSite\",\"@id\":\"https:\/\/proreilumpiyhteiskunta.fi\/#website\",\"url\":\"https:\/\/proreilumpiyhteiskunta.fi\/\",\"name\":\"Pro R\u00e4ttvisare Samh\u00e4lle\",\"description\":\"Pro R\u00e4ttvisare Samh\u00e4lle\",\"potentialAction\":[{\"@type\":\"SearchAction\",\"target\":{\"@type\":\"EntryPoint\",\"urlTemplate\":\"https:\/\/proreilumpiyhteiskunta.fi\/?s={search_term_string}\"},\"query-input\":\"required name=search_term_string\"}],\"inLanguage\":\"sv-SE\"}]}<\/script>\n<!-- \/ Yoast SEO plugin. -->","yoast_head_json":{"title":"Dataskyddsbeskrivning - Pro R\u00e4ttvisare Samh\u00e4lle","robots":{"index":"index","follow":"follow","max-snippet":"max-snippet:-1","max-image-preview":"max-image-preview:large","max-video-preview":"max-video-preview:-1"},"canonical":"https:\/\/proreilumpiyhteiskunta.fi\/sv\/dataskyddsbeskrivning\/","og_locale":"sv_SE","og_type":"article","og_title":"Dataskyddsbeskrivning - Pro R\u00e4ttvisare Samh\u00e4lle","og_url":"https:\/\/proreilumpiyhteiskunta.fi\/sv\/dataskyddsbeskrivning\/","og_site_name":"Pro R\u00e4ttvisare Samh\u00e4lle","article_modified_time":"2023-01-12T11:27:41+00:00","twitter_card":"summary_large_image","schema":{"@context":"https:\/\/schema.org","@graph":[{"@type":"WebPage","@id":"https:\/\/proreilumpiyhteiskunta.fi\/sv\/dataskyddsbeskrivning\/","url":"https:\/\/proreilumpiyhteiskunta.fi\/sv\/dataskyddsbeskrivning\/","name":"Dataskyddsbeskrivning - Pro R\u00e4ttvisare Samh\u00e4lle","isPartOf":{"@id":"https:\/\/proreilumpiyhteiskunta.fi\/#website"},"datePublished":"2022-11-03T10:37:41+00:00","dateModified":"2023-01-12T11:27:41+00:00","breadcrumb":{"@id":"https:\/\/proreilumpiyhteiskunta.fi\/sv\/dataskyddsbeskrivning\/#breadcrumb"},"inLanguage":"sv-SE","potentialAction":[{"@type":"ReadAction","target":["https:\/\/proreilumpiyhteiskunta.fi\/sv\/dataskyddsbeskrivning\/"]}]},{"@type":"BreadcrumbList","@id":"https:\/\/proreilumpiyhteiskunta.fi\/sv\/dataskyddsbeskrivning\/#breadcrumb","itemListElement":[{"@type":"ListItem","position":1,"name":"Home","item":"https:\/\/proreilumpiyhteiskunta.fi\/sv\/"},{"@type":"ListItem","position":2,"name":"Dataskyddsbeskrivning"}]},{"@type":"WebSite","@id":"https:\/\/proreilumpiyhteiskunta.fi\/#website","url":"https:\/\/proreilumpiyhteiskunta.fi\/","name":"Pro R\u00e4ttvisare Samh\u00e4lle","description":"Pro R\u00e4ttvisare Samh\u00e4lle","potentialAction":[{"@type":"SearchAction","target":{"@type":"EntryPoint","urlTemplate":"https:\/\/proreilumpiyhteiskunta.fi\/?s={search_term_string}"},"query-input":"required name=search_term_string"}],"inLanguage":"sv-SE"}]}},"_links":{"self":[{"href":"https:\/\/proreilumpiyhteiskunta.fi\/sv\/wp-json\/wp\/v2\/pages\/244","targetHints":{"allow":["GET"]}}],"collection":[{"href":"https:\/\/proreilumpiyhteiskunta.fi\/sv\/wp-json\/wp\/v2\/pages"}],"about":[{"href":"https:\/\/proreilumpiyhteiskunta.fi\/sv\/wp-json\/wp\/v2\/types\/page"}],"author":[{"embeddable":true,"href":"https:\/\/proreilumpiyhteiskunta.fi\/sv\/wp-json\/wp\/v2\/users\/2"}],"replies":[{"embeddable":true,"href":"https:\/\/proreilumpiyhteiskunta.fi\/sv\/wp-json\/wp\/v2\/comments?post=244"}],"version-history":[{"count":6,"href":"https:\/\/proreilumpiyhteiskunta.fi\/sv\/wp-json\/wp\/v2\/pages\/244\/revisions"}],"predecessor-version":[{"id":343,"href":"https:\/\/proreilumpiyhteiskunta.fi\/sv\/wp-json\/wp\/v2\/pages\/244\/revisions\/343"}],"wp:attachment":[{"href":"https:\/\/proreilumpiyhteiskunta.fi\/sv\/wp-json\/wp\/v2\/media?parent=244"}],"curies":[{"name":"wp","href":"https:\/\/api.w.org\/{rel}","templated":true}]}}